{"id":11870,"date":"2018-12-12T09:36:01","date_gmt":"2018-12-12T09:36:01","guid":{"rendered":"http:\/\/www.erreelleitalia.com\/prestige-vita-3\/"},"modified":"2019-01-30T09:01:42","modified_gmt":"2019-01-30T09:01:42","slug":"prestige-vita-3","status":"publish","type":"page","link":"https:\/\/www.erreelleitalia.com\/fr\/prestige-vita-3\/","title":{"rendered":"Prestige Vita 3"},"content":{"rendered":"[vc_row type=\u00a0\u00bbfull_width_background\u00a0\u00bb full_screen_row_position=\u00a0\u00bbmiddle\u00a0\u00bb equal_height=\u00a0\u00bbyes\u00a0\u00bb content_placement=\u00a0\u00bbmiddle\u00a0\u00bb bg_image=\u00a0\u00bb11670&Prime; bg_position=\u00a0\u00bbleft top\u00a0\u00bb bg_repeat=\u00a0\u00bbno-repeat\u00a0\u00bb scene_position=\u00a0\u00bbcenter\u00a0\u00bb text_color=\u00a0\u00bbdark\u00a0\u00bb text_align=\u00a0\u00bbleft\u00a0\u00bb top_padding=\u00a0\u00bb7%\u00a0\u00bb bottom_padding=\u00a0\u00bb7%\u00a0\u00bb overlay_strength=\u00a0\u00bb0.3&Prime; shape_divider_position=\u00a0\u00bbbottom\u00a0\u00bb shape_type=\u00a0\u00bb\u00a0\u00bb][vc_column column_padding=\u00a0\u00bbno-extra-padding\u00a0\u00bb column_padding_position=\u00a0\u00bball\u00a0\u00bb background_color_opacity=\u00a0\u00bb1&Prime; background_hover_color_opacity=\u00a0\u00bb1&Prime; column_shadow=\u00a0\u00bbnone\u00a0\u00bb column_border_radius=\u00a0\u00bbnone\u00a0\u00bb width=\u00a0\u00bb1\/2&Prime; tablet_text_alignment=\u00a0\u00bbdefault\u00a0\u00bb phone_text_alignment=\u00a0\u00bbdefault\u00a0\u00bb column_border_width=\u00a0\u00bbnone\u00a0\u00bb column_border_style=\u00a0\u00bbsolid\u00a0\u00bb][image_with_animation image_url=\u00a0\u00bb12106&Prime; alignment=\u00a0\u00bb\u00a0\u00bb animation=\u00a0\u00bbFade In\u00a0\u00bb border_radius=\u00a0\u00bbnone\u00a0\u00bb box_shadow=\u00a0\u00bbx_large_depth\u00a0\u00bb max_width=\u00a0\u00bb100%\u00a0\u00bb][\/vc_column][vc_column column_padding=\u00a0\u00bbpadding-6-percent\u00a0\u00bb column_padding_position=\u00a0\u00bball\u00a0\u00bb background_color_opacity=\u00a0\u00bb1&Prime; background_hover_color_opacity=\u00a0\u00bb1&Prime; font_color=\u00a0\u00bb#000000&Prime; column_shadow=\u00a0\u00bbnone\u00a0\u00bb column_border_radius=\u00a0\u00bbnone\u00a0\u00bb width=\u00a0\u00bb1\/2&Prime; tablet_text_alignment=\u00a0\u00bbdefault\u00a0\u00bb phone_text_alignment=\u00a0\u00bbdefault\u00a0\u00bb column_border_width=\u00a0\u00bbnone\u00a0\u00bb column_border_style=\u00a0\u00bbsolid\u00a0\u00bb][vc_custom_heading text=\u00a0\u00bbPrestige Vita Botanictherapy\u00a0\u00bb font_container=\u00a0\u00bbtag:h5|text_align:left|color:rgba(10%2C0%2C0%2C0.6)\u00a0\u00bb use_theme_fonts=\u00a0\u00bbyes\u00a0\u00bb css=\u00a0\u00bb.vc_custom_1547744057010{margin-bottom: 10px !important;}\u00a0\u00bb][vc_custom_heading text=\u00a0\u00bbBooster Fluid Repair\u00a0\u00bb font_container=\u00a0\u00bbtag:h2|font_size:40|text_align:left|color:%23000000|line_height:50px\u00a0\u00bb use_theme_fonts=\u00a0\u00bbyes\u00a0\u00bb][vc_column_text css=\u00a0\u00bb.vc_custom_1547745413722{margin-top: 30px !important;margin-bottom: 30px !important;}\u00a0\u00bb]Traitement fluide, restructurant et r\u00e9g\u00e9n\u00e9rant, qui agit directement sur l&rsquo;\u00e9corce du cheveu. Formul\u00e9 pour r\u00e9parer les longueurs et les pointes, il redonne \u00e9lasticit\u00e9 et apporte brillance et soyeux aux cheveux fragiles et trait\u00e9s, sans corps et sans tonus.[\/vc_column_text][divider line_type=\u00a0\u00bbNo Line\u00a0\u00bb custom_height=\u00a0\u00bb50&Prime;][vc_row_inner column_margin=\u00a0\u00bbdefault\u00a0\u00bb text_align=\u00a0\u00bbleft\u00a0\u00bb][vc_column_inner column_padding=\u00a0\u00bbno-extra-padding\u00a0\u00bb column_padding_position=\u00a0\u00bball\u00a0\u00bb background_color_opacity=\u00a0\u00bb1&Prime; background_hover_color_opacity=\u00a0\u00bb1&Prime; font_color=\u00a0\u00bb#000000&Prime; column_shadow=\u00a0\u00bbnone\u00a0\u00bb column_border_radius=\u00a0\u00bbnone\u00a0\u00bb width=\u00a0\u00bb1\/2&Prime; column_border_width=\u00a0\u00bbnone\u00a0\u00bb column_border_style=\u00a0\u00bbsolid\u00a0\u00bb][vc_custom_heading text=\u00a0\u00bbFormat\u00a0\u00bb font_container=\u00a0\u00bbtag:h5|text_align:left|color:rgba(0%2C0%2C0%2C0.6)\u00a0\u00bb use_theme_fonts=\u00a0\u00bbyes\u00a0\u00bb css=\u00a0\u00bb.vc_custom_1547745420818{margin-bottom: 10px !important;}\u00a0\u00bb]<div class=\"nectar-fancy-ul\" data-list-icon=\"none\" data-animation=\"false\" data-animation-delay=\"0\" data-color=\"accent-color\" data-spacing=\"default\" data-alignment=\"left\"> \n<ul>\n<li>Bouteille de 250ml<\/li>\n<\/ul>\n <\/div>[\/vc_column_inner][\/vc_row_inner][vc_custom_heading text=\u00a0\u00bbModo d&#8217;emploi\u00a0\u00bb font_container=\u00a0\u00bbtag:h5|text_align:left|color:rgba(0%2C0%2C0%2C0.6)\u00a0\u00bb use_theme_fonts=\u00a0\u00bbyes\u00a0\u00bb css=\u00a0\u00bb.vc_custom_1547745941277{margin-bottom: 10px !important;}\u00a0\u00bb]<div class=\"nectar-fancy-ul\" data-list-icon=\"none\" data-animation=\"false\" data-animation-delay=\"0\" data-color=\"accent-color\" data-spacing=\"default\" data-alignment=\"left\"> Sur les cheveux humides et bien polis, vaporisez le produit uniform\u00e9ment sur les longueurs et les pointes. Masser doucement et laisser agir 5 minutes avant de rincer. <\/div>[divider line_type=\u00a0\u00bbNo Line\u00a0\u00bb custom_height=\u00a0\u00bb50&Prime;][social_buttons full_width_icons=\u00a0\u00bbtrue\u00a0\u00bb nectar_love=\u00a0\u00bbtrue\u00a0\u00bb facebook=\u00a0\u00bbtrue\u00a0\u00bb google_plus=\u00a0\u00bbtrue\u00a0\u00bb linkedin=\u00a0\u00bbtrue\u00a0\u00bb][\/vc_column][\/vc_row]\n","protected":false},"excerpt":{"rendered":"<p>[vc_row type=\u00a0\u00bbfull_width_background\u00a0\u00bb full_screen_row_position=\u00a0\u00bbmiddle\u00a0\u00bb equal_height=\u00a0\u00bbyes\u00a0\u00bb content_placement=\u00a0\u00bbmiddle\u00a0\u00bb bg_image=\u00a0\u00bb11670&Prime; bg_position=\u00a0\u00bbleft top\u00a0\u00bb bg_repeat=\u00a0\u00bbno-repeat\u00a0\u00bb scene_position=\u00a0\u00bbcenter\u00a0\u00bb text_color=\u00a0\u00bbdark\u00a0\u00bb text_align=\u00a0\u00bbleft\u00a0\u00bb top_padding=\u00a0\u00bb7%\u00a0\u00bb bottom_padding=\u00a0\u00bb7%\u00a0\u00bb overlay_strength=\u00a0\u00bb0.3&Prime;&#8230;<\/p>\n","protected":false},"author":2,"featured_media":0,"parent":0,"menu_order":0,"comment_status":"closed","ping_status":"closed","template":"","meta":[],"_links":{"self":[{"href":"https:\/\/www.erreelleitalia.com\/fr\/wp-json\/wp\/v2\/pages\/11870"}],"collection":[{"href":"https:\/\/www.erreelleitalia.com\/fr\/wp-json\/wp\/v2\/pages"}],"about":[{"href":"https:\/\/www.erreelleitalia.com\/fr\/wp-json\/wp\/v2\/types\/page"}],"author":[{"embeddable":true,"href":"https:\/\/www.erreelleitalia.com\/fr\/wp-json\/wp\/v2\/users\/2"}],"replies":[{"embeddable":true,"href":"https:\/\/www.erreelleitalia.com\/fr\/wp-json\/wp\/v2\/comments?post=11870"}],"version-history":[{"count":0,"href":"https:\/\/www.erreelleitalia.com\/fr\/wp-json\/wp\/v2\/pages\/11870\/revisions"}],"wp:attachment":[{"href":"https:\/\/www.erreelleitalia.com\/fr\/wp-json\/wp\/v2\/media?parent=11870"}],"curies":[{"name":"wp","href":"https:\/\/api.w.org\/{rel}","templated":true}]}}