{"id":9479,"date":"2017-08-10T15:17:04","date_gmt":"2017-08-10T15:17:04","guid":{"rendered":"http:\/\/www.erreelleitalia.com\/?page_id=9479"},"modified":"2018-03-22T17:17:38","modified_gmt":"2018-03-22T17:17:38","slug":"piu-donna","status":"publish","type":"page","link":"https:\/\/www.erreelleitalia.com\/es\/brands\/piu-donna\/","title":{"rendered":"Pi\u00f9 Donna"},"content":{"rendered":"[vc_row type=\u00bbfull_width_background\u00bb full_screen_row_position=\u00bbmiddle\u00bb bg_image=\u00bb7671&#8243; bg_position=\u00bbcenter center\u00bb bg_repeat=\u00bbno-repeat\u00bb parallax_bg=\u00bbtrue\u00bb parallax_bg_speed=\u00bbfixed\u00bb bg_color=\u00bb#333333&#8243; scene_position=\u00bbcenter\u00bb video_bg=\u00bbuse_video\u00bb video_mute=\u00bbtrue\u00bb text_color=\u00bblight\u00bb text_align=\u00bbleft\u00bb top_padding=\u00bb13%\u00bb bottom_padding=\u00bb13%\u00bb color_overlay=\u00bb#0a0a0a\u00bb overlay_strength=\u00bb0.5&#8243;][vc_column column_padding=\u00bbno-extra-padding\u00bb column_padding_position=\u00bball\u00bb background_color_opacity=\u00bb1&#8243; background_hover_color_opacity=\u00bb1&#8243; column_shadow=\u00bbnone\u00bb width=\u00bb2\/3&#8243; tablet_text_alignment=\u00bbdefault\u00bb phone_text_alignment=\u00bbdefault\u00bb column_border_width=\u00bbnone\u00bb column_border_style=\u00bbsolid\u00bb][vc_custom_heading text=\u00bbDermatologicamente probado\u00bb font_container=\u00bbtag:h5|text_align:left|color:rgba(255%2C255%2C255%2C0.74)\u00bb use_theme_fonts=\u00bbyes\u00bb css_animation=\u00bbfadeInUp\u00bb][split_line_heading]\n<h2>Professional Color Cream<\/h2>\n[\/split_line_heading][vc_row_inner column_margin=\u00bbdefault\u00bb text_align=\u00bbleft\u00bb][vc_column_inner enable_animation=\u00bbtrue\u00bb animation=\u00bbfade-in-from-bottom\u00bb column_padding=\u00bbno-extra-padding\u00bb column_padding_position=\u00bball\u00bb background_color_opacity=\u00bb1&#8243; width=\u00bb5\/6&#8243; column_border_width=\u00bbnone\u00bb column_border_style=\u00bbsolid\u00bb delay=\u00bb300&#8243;][vc_custom_heading text=\u00bbLa alta tecnolog\u00eda para la coloraci\u00f3n y su formula rica en ingredientes naturales, ACEITE DE OLIVA &amp; EXTRACTOS DE MALVA Y MANZANILLA, aseguran una perfecta cobertura de las canas, y tambi\u00e9n un tratamiento cosm\u00e9tico, nutritivo, revitalizante y antioxidante.<br \/>\nEl resultado: color intenso y homogeneo, reflejos brillantes, cabello protegido, mas suave y fluido.\u00bb font_container=\u00bbtag:p|text_align:left|color:rgba(255%2C255%2C255%2C0.7)\u00bb use_theme_fonts=\u00bbyes\u00bb][\/vc_column_inner][vc_column_inner column_padding=\u00bbno-extra-padding\u00bb column_padding_position=\u00bball\u00bb background_color_opacity=\u00bb1&#8243; width=\u00bb1\/6&#8243; column_border_width=\u00bbnone\u00bb column_border_style=\u00bbsolid\u00bb][\/vc_column_inner][\/vc_row_inner][vc_custom_heading text=\u00bbACEITE DE OLIVA &amp; EXTRACTOS DE MALVA Y MANZANILLA\u00bb font_container=\u00bbtag:h4|text_align:left|color:rgba(255%2C255%2C255%2C0.74)\u00bb use_theme_fonts=\u00bbyes\u00bb css_animation=\u00bbfadeInUp\u00bb][\/vc_column][vc_column column_padding=\u00bbno-extra-padding\u00bb column_padding_position=\u00bball\u00bb background_color_opacity=\u00bb1&#8243; background_hover_color_opacity=\u00bb1&#8243; column_shadow=\u00bbnone\u00bb width=\u00bb1\/3&#8243; tablet_text_alignment=\u00bbdefault\u00bb phone_text_alignment=\u00bbdefault\u00bb column_border_width=\u00bbnone\u00bb column_border_style=\u00bbsolid\u00bb][\/vc_column][\/vc_row][vc_row type=\u00bbfull_width_background\u00bb full_screen_row_position=\u00bbmiddle\u00bb bg_color=\u00bb#e7d9d0&#8243; scene_position=\u00bbcenter\u00bb text_color=\u00bbdark\u00bb text_align=\u00bbleft\u00bb top_padding=\u00bb7%\u00bb bottom_padding=\u00bb2%\u00bb overlay_strength=\u00bb0.3&#8243;][vc_column column_padding=\u00bbno-extra-padding\u00bb column_padding_position=\u00bball\u00bb background_color_opacity=\u00bb1&#8243; background_hover_color_opacity=\u00bb1&#8243; column_shadow=\u00bbnone\u00bb width=\u00bb1\/2&#8243; tablet_text_alignment=\u00bbdefault\u00bb phone_text_alignment=\u00bbdefault\u00bb column_border_width=\u00bbnone\u00bb column_border_style=\u00bbsolid\u00bb][vc_row_inner column_margin=\u00bbdefault\u00bb text_align=\u00bbleft\u00bb][vc_column_inner enable_animation=\u00bbtrue\u00bb animation=\u00bbfade-in-from-bottom\u00bb column_padding=\u00bbno-extra-padding\u00bb column_padding_position=\u00bball\u00bb background_color_opacity=\u00bb1&#8243; width=\u00bb1\/1&#8243; column_border_width=\u00bbnone\u00bb column_border_style=\u00bbsolid\u00bb delay=\u00bb100&#8243;][vc_custom_heading text=\u00bbDISPONIBLE EN 24 TONOS\u00bb font_container=\u00bbtag:h5|text_align:left|color:%23a88168&#8243; use_theme_fonts=\u00bbyes\u00bb][\/vc_column_inner][\/vc_row_inner][vc_row_inner column_margin=\u00bbdefault\u00bb text_align=\u00bbleft\u00bb][vc_column_inner enable_animation=\u00bbtrue\u00bb animation=\u00bbfade-in-from-bottom\u00bb column_padding=\u00bbno-extra-padding\u00bb column_padding_position=\u00bbleft-right\u00bb background_color_opacity=\u00bb1&#8243; width=\u00bb1\/1&#8243; column_border_width=\u00bbnone\u00bb column_border_style=\u00bbsolid\u00bb delay=\u00bb50&#8243;][vc_column_text css=\u00bb.vc_custom_1509441142619{margin-top: -8px !important;margin-bottom: -8px !important;}\u00bb]\n<h2>Sus puntos de fuerza<\/h2>\n<ul>\n<li>100% cobertura de canas<\/li>\n<li>Nutrici\u00f3n profunda<\/li>\n<li>Color intenso con acci\u00f3n antioxidante<\/li>\n<li>Reflejos brillantes<\/li>\n<li>Suave sobre el cabello<\/li>\n<li>Efecto prolongado<\/li>\n<\/ul>\n[\/vc_column_text][\/vc_column_inner][\/vc_row_inner][\/vc_column][vc_column centered_text=\u00bbtrue\u00bb column_padding=\u00bbpadding-4-percent\u00bb column_padding_position=\u00bball\u00bb background_color_opacity=\u00bb1&#8243; background_hover_color_opacity=\u00bb1&#8243; column_shadow=\u00bbnone\u00bb width=\u00bb1\/2&#8243; tablet_text_alignment=\u00bbdefault\u00bb phone_text_alignment=\u00bbdefault\u00bb column_border_width=\u00bbnone\u00bb column_border_style=\u00bbsolid\u00bb][\/vc_column][\/vc_row][vc_row type=\u00bbfull_width_content\u00bb full_screen_row_position=\u00bbmiddle\u00bb bg_color=\u00bb#e7d9d0&#8243; scene_position=\u00bbcenter\u00bb text_color=\u00bbdark\u00bb text_align=\u00bbleft\u00bb bottom_padding=\u00bb3%\u00bb id=\u00bbnuancesnaturali\u00bb overlay_strength=\u00bb0.3&#8243;][vc_column column_padding=\u00bbpadding-5-percent\u00bb column_padding_position=\u00bbtop-bottom\u00bb background_color_opacity=\u00bb1&#8243; background_hover_color_opacity=\u00bb1&#8243; column_shadow=\u00bbnone\u00bb width=\u00bb1\/1&#8243; tablet_text_alignment=\u00bbdefault\u00bb phone_text_alignment=\u00bbdefault\u00bb column_border_width=\u00bbnone\u00bb column_border_style=\u00bbsolid\u00bb][vc_custom_heading text=\u00bbNuances Naturales\u00bb font_container=\u00bbtag:h2|font_size:48px|text_align:center|line_height:57px\u00bb use_theme_fonts=\u00bbyes\u00bb css_animation=\u00bbnone\u00bb][vc_custom_heading text=\u00bbErreelle Italia es propietaria de varias marcas que son capaces de ofrecer una gama completa de productos en el sector de belleza y del estilo.<\/p>\n<p>\u00bb font_container=\u00bbtag:p|text_align:center|color:rgba(10%2C10%2C10%2C0.65)\u00bb use_theme_fonts=\u00bbyes\u00bb css_animation=\u00bbnone\u00bb][vc_gallery type=\u00bbflickity_style\u00bb images=\u00bb7509,7524,7529,7544,7564,7589,7609,7619,7514,7504&#8243; flickity_controls=\u00bbmaterial_pagination\u00bb flickity_desktop_columns=\u00bb1&#8243; flickity_small_desktop_columns=\u00bb1&#8243; flickity_tablet_columns=\u00bb1&#8243; flickity_box_shadow=\u00bblarge_depth\u00bb onclick=\u00bblink_no\u00bb img_size=\u00bbfull\u00bb][\/vc_column][\/vc_row][vc_row type=\u00bbfull_width_content\u00bb full_screen_row_position=\u00bbmiddle\u00bb bg_color=\u00bb#e7d9d0&#8243; scene_position=\u00bbcenter\u00bb text_color=\u00bbdark\u00bb text_align=\u00bbleft\u00bb bottom_padding=\u00bb3%\u00bb id=\u00bbnuancesdorate\u00bb overlay_strength=\u00bb0.3&#8243;][vc_column column_padding=\u00bbpadding-5-percent\u00bb column_padding_position=\u00bbtop-bottom\u00bb background_color_opacity=\u00bb1&#8243; background_hover_color_opacity=\u00bb1&#8243; column_shadow=\u00bbnone\u00bb width=\u00bb1\/1&#8243; tablet_text_alignment=\u00bbdefault\u00bb phone_text_alignment=\u00bbdefault\u00bb column_border_width=\u00bbnone\u00bb column_border_style=\u00bbsolid\u00bb][vc_custom_heading text=\u00bbNuances Doradas\u00bb font_container=\u00bbtag:h2|font_size:48px|text_align:center|line_height:57px\u00bb use_theme_fonts=\u00bbyes\u00bb css_animation=\u00bbnone\u00bb][vc_custom_heading text=\u00bbErreelle Italia es propietaria de varias marcas que son capaces de ofrecer una gama completa de productos en el sector de belleza y del estilo.<\/p>\n<p>\u00bb font_container=\u00bbtag:p|text_align:center|color:rgba(10%2C10%2C10%2C0.65)\u00bb use_theme_fonts=\u00bbyes\u00bb css_animation=\u00bbnone\u00bb][vc_gallery type=\u00bbflickity_style\u00bb images=\u00bb7579,7599,7614&#8243; flickity_controls=\u00bbmaterial_pagination\u00bb flickity_desktop_columns=\u00bb1&#8243; flickity_small_desktop_columns=\u00bb1&#8243; flickity_tablet_columns=\u00bb1&#8243; flickity_box_shadow=\u00bblarge_depth\u00bb onclick=\u00bblink_no\u00bb img_size=\u00bbfull\u00bb][\/vc_column][\/vc_row][vc_row type=\u00bbfull_width_content\u00bb full_screen_row_position=\u00bbmiddle\u00bb bg_color=\u00bb#e7d9d0&#8243; scene_position=\u00bbcenter\u00bb text_color=\u00bbdark\u00bb text_align=\u00bbleft\u00bb bottom_padding=\u00bb3%\u00bb id=\u00bbnuancescenere\u00bb overlay_strength=\u00bb0.3&#8243;][vc_column column_padding=\u00bbpadding-5-percent\u00bb column_padding_position=\u00bbtop-bottom\u00bb background_color_opacity=\u00bb1&#8243; background_hover_color_opacity=\u00bb1&#8243; column_shadow=\u00bbnone\u00bb width=\u00bb1\/1&#8243; tablet_text_alignment=\u00bbdefault\u00bb phone_text_alignment=\u00bbdefault\u00bb column_border_width=\u00bbnone\u00bb column_border_style=\u00bbsolid\u00bb][vc_custom_heading text=\u00bbNuances Cenizas\u00bb font_container=\u00bbtag:h2|font_size:48px|text_align:center|line_height:57px\u00bb use_theme_fonts=\u00bbyes\u00bb css_animation=\u00bbnone\u00bb][vc_custom_heading text=\u00bbErreelle Italia es propietaria de varias marcas que son capaces de ofrecer una gama completa de productos en el sector de belleza y del estilo.<\/p>\n<p>\u00bb font_container=\u00bbtag:p|text_align:center|color:rgba(10%2C10%2C10%2C0.65)\u00bb use_theme_fonts=\u00bbyes\u00bb css_animation=\u00bbnone\u00bb][vc_gallery type=\u00bbflickity_style\u00bb images=\u00bb7519,7574,7594&#8243; flickity_controls=\u00bbmaterial_pagination\u00bb flickity_desktop_columns=\u00bb1&#8243; flickity_small_desktop_columns=\u00bb1&#8243; flickity_tablet_columns=\u00bb1&#8243; flickity_box_shadow=\u00bblarge_depth\u00bb onclick=\u00bblink_no\u00bb img_size=\u00bbfull\u00bb][\/vc_column][\/vc_row][vc_row type=\u00bbfull_width_content\u00bb full_screen_row_position=\u00bbmiddle\u00bb bg_color=\u00bb#e7d9d0&#8243; scene_position=\u00bbcenter\u00bb text_color=\u00bbdark\u00bb text_align=\u00bbleft\u00bb bottom_padding=\u00bb3%\u00bb id=\u00bbnuancesrosse\u00bb overlay_strength=\u00bb0.3&#8243;][vc_column column_padding=\u00bbpadding-5-percent\u00bb column_padding_position=\u00bbtop-bottom\u00bb background_color_opacity=\u00bb1&#8243; background_hover_color_opacity=\u00bb1&#8243; column_shadow=\u00bbnone\u00bb width=\u00bb1\/1&#8243; tablet_text_alignment=\u00bbdefault\u00bb phone_text_alignment=\u00bbdefault\u00bb column_border_width=\u00bbnone\u00bb column_border_style=\u00bbsolid\u00bb][vc_custom_heading text=\u00bbNuances Rojas\u00bb font_container=\u00bbtag:h2|font_size:48px|text_align:center|line_height:57px\u00bb use_theme_fonts=\u00bbyes\u00bb css_animation=\u00bbnone\u00bb][vc_custom_heading text=\u00bbErreelle Italia es propietaria de varias marcas que son capaces de ofrecer una gama completa de productos en el sector de belleza y del estilo.<br \/>\n\u00bb font_container=\u00bbtag:p|text_align:center|color:rgba(10%2C10%2C10%2C0.65)\u00bb use_theme_fonts=\u00bbyes\u00bb css_animation=\u00bbnone\u00bb][vc_gallery type=\u00bbflickity_style\u00bb images=\u00bb7559,7539,7554,7604&#8243; flickity_controls=\u00bbmaterial_pagination\u00bb flickity_desktop_columns=\u00bb1&#8243; flickity_small_desktop_columns=\u00bb1&#8243; flickity_tablet_columns=\u00bb1&#8243; flickity_box_shadow=\u00bblarge_depth\u00bb onclick=\u00bblink_no\u00bb img_size=\u00bbfull\u00bb][\/vc_column][\/vc_row][vc_row type=\u00bbfull_width_content\u00bb full_screen_row_position=\u00bbmiddle\u00bb bg_color=\u00bb#e7d9d0&#8243; scene_position=\u00bbcenter\u00bb text_color=\u00bbdark\u00bb text_align=\u00bbleft\u00bb bottom_padding=\u00bb3%\u00bb id=\u00bbnuancesmarroni\u00bb overlay_strength=\u00bb0.3&#8243;][vc_column column_padding=\u00bbpadding-5-percent\u00bb column_padding_position=\u00bbtop-bottom\u00bb background_color_opacity=\u00bb1&#8243; background_hover_color_opacity=\u00bb1&#8243; column_shadow=\u00bbnone\u00bb width=\u00bb1\/1&#8243; tablet_text_alignment=\u00bbdefault\u00bb phone_text_alignment=\u00bbdefault\u00bb column_border_width=\u00bbnone\u00bb column_border_style=\u00bbsolid\u00bb][vc_custom_heading text=\u00bbNuances Casta\u00f1as\u00bb font_container=\u00bbtag:h2|font_size:48px|text_align:center|line_height:57px\u00bb use_theme_fonts=\u00bbyes\u00bb css_animation=\u00bbnone\u00bb][vc_custom_heading text=\u00bbErreelle Italia es propietaria de varias marcas que son capaces de ofrecer una gama completa de productos en el sector de belleza y del estilo.<\/p>\n<p>\u00bb font_container=\u00bbtag:p|text_align:center|color:rgba(10%2C10%2C10%2C0.65)\u00bb use_theme_fonts=\u00bbyes\u00bb css_animation=\u00bbnone\u00bb][vc_gallery type=\u00bbflickity_style\u00bb images=\u00bb7584,7534,7549,7569&#8243; flickity_controls=\u00bbmaterial_pagination\u00bb flickity_desktop_columns=\u00bb1&#8243; flickity_small_desktop_columns=\u00bb1&#8243; flickity_tablet_columns=\u00bb1&#8243; flickity_box_shadow=\u00bblarge_depth\u00bb onclick=\u00bblink_no\u00bb img_size=\u00bbfull\u00bb][\/vc_column][\/vc_row][vc_row type=\u00bbfull_width_background\u00bb full_screen_row_position=\u00bbmiddle\u00bb bg_image=\u00bb7662&#8243; bg_position=\u00bbleft top\u00bb bg_repeat=\u00bbno-repeat\u00bb scene_position=\u00bbcenter\u00bb text_color=\u00bblight\u00bb text_align=\u00bbleft\u00bb top_padding=\u00bb10%\u00bb bottom_padding=\u00bb10%\u00bb color_overlay=\u00bb#cdb09e\u00bb overlay_strength=\u00bb0.95&#8243;][vc_column column_padding=\u00bbno-extra-padding\u00bb column_padding_position=\u00bball\u00bb background_color_opacity=\u00bb1&#8243; background_hover_color_opacity=\u00bb1&#8243; column_shadow=\u00bbnone\u00bb width=\u00bb1\/1&#8243; tablet_text_alignment=\u00bbdefault\u00bb phone_text_alignment=\u00bbdefault\u00bb column_border_width=\u00bbnone\u00bb column_border_style=\u00bbsolid\u00bb][vc_row_inner equal_height=\u00bbyes\u00bb content_placement=\u00bbmiddle\u00bb column_margin=\u00bbdefault\u00bb text_align=\u00bbleft\u00bb][vc_column_inner column_padding=\u00bbno-extra-padding\u00bb column_padding_position=\u00bball\u00bb background_color_opacity=\u00bb1&#8243; width=\u00bb2\/3&#8243; column_border_width=\u00bbnone\u00bb column_border_style=\u00bbsolid\u00bb][image_with_animation image_url=\u00bb7687&#8243; alignment=\u00bb\u00bb animation=\u00bbFade In\u00bb box_shadow=\u00bbnone\u00bb max_width=\u00bb100%\u00bb][\/vc_column_inner][vc_column_inner column_padding=\u00bbno-extra-padding\u00bb column_padding_position=\u00bball\u00bb background_color_opacity=\u00bb1&#8243; width=\u00bb1\/3&#8243; column_border_width=\u00bbnone\u00bb column_border_style=\u00bbsolid\u00bb][vc_custom_heading text=\u00bbHecho para ti\u00bb font_container=\u00bbtag:h5|text_align:left|color:rgba(255%2C255%2C255%2C0.74)\u00bb use_theme_fonts=\u00bbyes\u00bb css_animation=\u00bbfadeInUp\u00bb][split_line_heading]\n<h2>Kit Profesional<\/h2>\n<h2>De Coloraci\u00f3n en Crema<\/h2>\n[\/split_line_heading]<div class=\"nectar-fancy-ul\" data-list-icon=\"icon-salient-thin-line\" data-animation=\"false\" data-animation-delay=\"0\" data-color=\"extra-color-2\" data-spacing=\"default\" data-alignment=\"left\"> <strong>El paquete contiene<\/strong>:<\/p>\n<ul>\n<li>1 tubo de crema colorante de 55 ml<\/li>\n<li>1 botella dispensadora de activador de 55 ml<\/li>\n<li>1 mascarilla para despu\u00e9s de color de 20 ml<\/li>\n<li>1 par de guantes desechables<\/li>\n<li>1 peine aplicador<\/li>\n<li>Instrucciones de uso<\/li>\n<\/ul>\n <\/div>[\/vc_column_inner][\/vc_row_inner][vc_row_inner column_margin=\u00bbdefault\u00bb text_align=\u00bbcenter\u00bb][vc_column_inner column_padding=\u00bbno-extra-padding\u00bb column_padding_position=\u00bball\u00bb background_color_opacity=\u00bb1&#8243; width=\u00bb1\/1&#8243; column_border_width=\u00bbnone\u00bb column_border_style=\u00bbsolid\u00bb][nectar_btn size=\u00bblarge\u00bb button_style=\u00bbregular\u00bb button_color_2=\u00bbAccent-Color\u00bb color_override=\u00bb#897567&#8243; icon_family=\u00bbiconsmind\u00bb url=\u00bbhttp:\/\/www.erreelleitalia.com\/wp-content\/uploads\/2017\/08\/mododusopiudonna.pdf\u00bb text=\u00bbDescargar el Modo de uso\u00bb css_animation=\u00bbzoomIn\u00bb margin_top=\u00bb10&#8243; icon_iconsmind=\u00bbiconsmind-Download-fromCloud\u00bb][\/vc_column_inner][\/vc_row_inner][\/vc_column][\/vc_row][vc_row type=\u00bbfull_width_background\u00bb full_screen_row_position=\u00bbmiddle\u00bb equal_height=\u00bbyes\u00bb content_placement=\u00bbmiddle\u00bb bg_image=\u00bb6492&#8243; bg_position=\u00bbcenter center\u00bb bg_repeat=\u00bbno-repeat\u00bb scene_position=\u00bbcenter\u00bb text_color=\u00bblight\u00bb text_align=\u00bbleft\u00bb top_padding=\u00bb8%\u00bb bottom_padding=\u00bb8%\u00bb color_overlay=\u00bbrgba(10,6,6,0.84)\u00bb overlay_strength=\u00bb0.5&#8243;][vc_column column_padding=\u00bbno-extra-padding\u00bb column_padding_position=\u00bball\u00bb background_color_opacity=\u00bb1&#8243; background_hover_color_opacity=\u00bb1&#8243; column_shadow=\u00bbnone\u00bb width=\u00bb1\/1&#8243; tablet_text_alignment=\u00bbdefault\u00bb phone_text_alignment=\u00bbdefault\u00bb column_border_width=\u00bbnone\u00bb column_border_style=\u00bbsolid\u00bb][vc_row_inner column_margin=\u00bbdefault\u00bb text_align=\u00bbleft\u00bb][vc_column_inner column_padding=\u00bbno-extra-padding\u00bb column_padding_position=\u00bball\u00bb background_color_opacity=\u00bb1&#8243; width=\u00bb1\/6&#8243; column_border_width=\u00bbnone\u00bb column_border_style=\u00bbsolid\u00bb][\/vc_column_inner][vc_column_inner column_padding=\u00bbpadding-2-percent\u00bb column_padding_position=\u00bbleft-right\u00bb centered_text=\u00bbtrue\u00bb background_color_opacity=\u00bb1&#8243; width=\u00bb2\/3&#8243; column_border_width=\u00bbnone\u00bb column_border_style=\u00bbsolid\u00bb][vc_custom_heading text=\u00bbSea distribuidor Erreelle\u00bb font_container=\u00bbtag:h2|font_size:52|text_align:center|line_height:52px\u00bb use_theme_fonts=\u00bbyes\u00bb css_animation=\u00bbfadeInUp\u00bb][divider line_type=\u00bbNo Line\u00bb custom_height=\u00bb5&#8243;][vc_custom_heading text=\u00bbComenzar una sociedad con Erreelle es una elecci\u00f3n provechosa bajo diferentes puntos de vista.<br \/>\nOfrece la posibilidad para desarrollar un nuevo negocio, asegurando un servicio m\u00e1s y una tipolog\u00eda de productos en exclusiva para la zona. Tendr\u00e1 a su disposici\u00f3n el soporte directo de un t\u00e9cnico calificado y una formaci\u00f3n esmeradapara los dependientes y los revendedores.\u00bb font_container=\u00bbtag:p|text_align:center|color:rgba(255%2C255%2C255%2C0.7)\u00bb use_theme_fonts=\u00bbyes\u00bb css_animation=\u00bbfadeInUp\u00bb css=\u00bb.vc_custom_1509441624529{margin-top: 10px !important;margin-bottom: 10px !important;}\u00bb][nectar_btn size=\u00bblarge\u00bb button_style=\u00bbregular\u00bb button_color_2=\u00bbAccent-Color\u00bb icon_family=\u00bbdefault_arrow\u00bb url=\u00bb#\u00bb text=\u00bbDescubre m\u00e1s \u00bb css_animation=\u00bbzoomIn\u00bb margin_top=\u00bb10&#8243;][\/vc_column_inner][vc_column_inner column_padding=\u00bbno-extra-padding\u00bb column_padding_position=\u00bball\u00bb background_color_opacity=\u00bb1&#8243; width=\u00bb1\/6&#8243; column_border_width=\u00bbnone\u00bb column_border_style=\u00bbsolid\u00bb][\/vc_column_inner][\/vc_row_inner][\/vc_column][\/vc_row]\n","protected":false},"excerpt":{"rendered":"<p>[vc_row type=\u00bbfull_width_background\u00bb full_screen_row_position=\u00bbmiddle\u00bb bg_image=\u00bb7671&#8243; bg_position=\u00bbcenter center\u00bb bg_repeat=\u00bbno-repeat\u00bb parallax_bg=\u00bbtrue\u00bb parallax_bg_speed=\u00bbfixed\u00bb bg_color=\u00bb#333333&#8243; scene_position=\u00bbcenter\u00bb video_bg=\u00bbuse_video\u00bb video_mute=\u00bbtrue\u00bb text_color=\u00bblight\u00bb text_align=\u00bbleft\u00bb&#8230;<\/p>\n","protected":false},"author":1,"featured_media":0,"parent":8401,"menu_order":0,"comment_status":"closed","ping_status":"closed","template":"","meta":[],"_links":{"self":[{"href":"https:\/\/www.erreelleitalia.com\/es\/wp-json\/wp\/v2\/pages\/9479"}],"collection":[{"href":"https:\/\/www.erreelleitalia.com\/es\/wp-json\/wp\/v2\/pages"}],"about":[{"href":"https:\/\/www.erreelleitalia.com\/es\/wp-json\/wp\/v2\/types\/page"}],"author":[{"embeddable":true,"href":"https:\/\/www.erreelleitalia.com\/es\/wp-json\/wp\/v2\/users\/1"}],"replies":[{"embeddable":true,"href":"https:\/\/www.erreelleitalia.com\/es\/wp-json\/wp\/v2\/comments?post=9479"}],"version-history":[{"count":0,"href":"https:\/\/www.erreelleitalia.com\/es\/wp-json\/wp\/v2\/pages\/9479\/revisions"}],"up":[{"embeddable":true,"href":"https:\/\/www.erreelleitalia.com\/es\/wp-json\/wp\/v2\/pages\/8401"}],"wp:attachment":[{"href":"https:\/\/www.erreelleitalia.com\/es\/wp-json\/wp\/v2\/media?parent=9479"}],"curies":[{"name":"wp","href":"https:\/\/api.w.org\/{rel}","templated":true}]}}