{"id":9252,"date":"2017-08-10T10:27:47","date_gmt":"2017-08-10T10:27:47","guid":{"rendered":"http:\/\/www.erreelleitalia.com\/?page_id=9252"},"modified":"2021-04-27T09:25:11","modified_gmt":"2021-04-27T09:25:11","slug":"prestige-ampollas-mineralizantes","status":"publish","type":"page","link":"https:\/\/www.erreelleitalia.com\/es\/brands\/prestige\/prestige-nature\/prestige-ampollas-mineralizantes\/","title":{"rendered":"Prestige Ampollas Mineralizantes"},"content":{"rendered":"[vc_row type=\u00bbfull_width_background\u00bb full_screen_row_position=\u00bbmiddle\u00bb column_margin=\u00bbdefault\u00bb equal_height=\u00bbyes\u00bb content_placement=\u00bbmiddle\u00bb column_direction=\u00bbdefault\u00bb column_direction_tablet=\u00bbdefault\u00bb column_direction_phone=\u00bbdefault\u00bb bg_color=\u00bb#c6b399&#8243; scene_position=\u00bbcenter\u00bb top_padding=\u00bb7%\u00bb bottom_padding=\u00bb7%\u00bb text_color=\u00bblight\u00bb text_align=\u00bbleft\u00bb row_border_radius=\u00bbnone\u00bb row_border_radius_applies=\u00bbbg\u00bb overlay_strength=\u00bb0.3&#8243; gradient_direction=\u00bbleft_to_right\u00bb shape_divider_position=\u00bbbottom\u00bb bg_image_animation=\u00bbnone\u00bb][vc_column column_padding=\u00bbno-extra-padding\u00bb column_padding_tablet=\u00bbinherit\u00bb column_padding_phone=\u00bbinherit\u00bb column_padding_position=\u00bball\u00bb background_color_opacity=\u00bb1&#8243; background_hover_color_opacity=\u00bb1&#8243; column_shadow=\u00bbnone\u00bb column_border_radius=\u00bbnone\u00bb column_link_target=\u00bb_self\u00bb gradient_direction=\u00bbleft_to_right\u00bb overlay_strength=\u00bb0.3&#8243; width=\u00bb1\/2&#8243; tablet_width_inherit=\u00bbdefault\u00bb tablet_text_alignment=\u00bbdefault\u00bb phone_text_alignment=\u00bbdefault\u00bb column_border_width=\u00bbnone\u00bb column_border_style=\u00bbsolid\u00bb bg_image_animation=\u00bbnone\u00bb][image_with_animation image_url=\u00bb18572&#8243; animation=\u00bbFade In\u00bb hover_animation=\u00bbnone\u00bb alignment=\u00bb\u00bb border_radius=\u00bbnone\u00bb box_shadow=\u00bbx_large_depth\u00bb image_loading=\u00bbdefault\u00bb max_width=\u00bb100%\u00bb max_width_mobile=\u00bbdefault\u00bb][\/vc_column][vc_column column_padding=\u00bbpadding-6-percent\u00bb column_padding_tablet=\u00bbinherit\u00bb column_padding_phone=\u00bbinherit\u00bb column_padding_position=\u00bball\u00bb background_color_opacity=\u00bb1&#8243; background_hover_color_opacity=\u00bb1&#8243; column_shadow=\u00bbnone\u00bb column_border_radius=\u00bbnone\u00bb column_link_target=\u00bb_self\u00bb gradient_direction=\u00bbleft_to_right\u00bb overlay_strength=\u00bb0.3&#8243; width=\u00bb1\/2&#8243; tablet_width_inherit=\u00bbdefault\u00bb tablet_text_alignment=\u00bbdefault\u00bb phone_text_alignment=\u00bbdefault\u00bb column_border_width=\u00bbnone\u00bb column_border_style=\u00bbsolid\u00bb bg_image_animation=\u00bbnone\u00bb][vc_custom_heading text=\u00bbPrestige Oil Nature\u00bb font_container=\u00bbtag:h5|text_align:left|color:rgba(255%2C255%2C255%2C0.6)\u00bb use_theme_fonts=\u00bbyes\u00bb css=\u00bb.vc_custom_1619519427208{margin-bottom: 10px !important;}\u00bb][vc_custom_heading text=\u00bbAmpollas Mineralizantes\u00bb font_container=\u00bbtag:h2|font_size:40|text_align:left|line_height:50px\u00bb use_theme_fonts=\u00bbyes\u00bb][vc_column_text css=\u00bb.vc_custom_1508772787958{margin-top: 30px !important;margin-bottom: 30px !important;}\u00bb]Tratamiento reconstructivo espec\u00edfico para cabellos d\u00e9biles o da\u00f1ados. Un complejo de Sales Minerales que reconstruye y protege la estructura capilar con resultados r\u00e1pidos y efectivos. Se nutre en profundidad y le da fuerza y vitalidad sin peso. Ejercita una acci\u00f3n acondicionadora inmediata sobre el cabello que encuentra brillo, suavidad y capacidad de desenredarse. Especialmente indicado para el cabello sensibilizado por tratamientos qu\u00edmicos o agresiones externas (cepillo, secadora, placa de pelo, sol, viento, sal, cloro, etc.).[\/vc_column_text][vc_custom_heading text=\u00bbTama\u00f1o\u00bb font_container=\u00bbtag:h5|text_align:left|color:rgba(255%2C255%2C255%2C0.6)\u00bb use_theme_fonts=\u00bbyes\u00bb css=\u00bb.vc_custom_1508772807699{margin-bottom: 10px !important;}\u00bb][vc_column_text]Caja con 8 ampollas de 10 ml.[\/vc_column_text][divider line_type=\u00bbNo Line\u00bb custom_height=\u00bb30&#8243;][vc_custom_heading text=\u00bbModo de uso\u00bb font_container=\u00bbtag:h5|text_align:left|color:rgba(255%2C255%2C255%2C0.6)\u00bb use_theme_fonts=\u00bbyes\u00bb css=\u00bb.vc_custom_1508772851617{margin-bottom: 10px !important;}\u00bb][vc_column_text]Despu\u00e9s del champ\u00fa, eliminar el exceso de agua y aplicar, de manera uniforme el contenido de una ampolla sobre el cuero cabelludo. Peine el cabello desde la ra\u00edz hasta las puntas y d\u00e9jelo actuar durante unos minutos. Enjuague bien. Para proteger su cabello, se recomienda usarlo antes y \/ o despu\u00e9s de un tratamiento qu\u00edmico (color, decoloraci\u00f3n, permanente, etc.) o en combinaci\u00f3n con este.[\/vc_column_text][divider line_type=\u00bbNo Line\u00bb custom_height=\u00bb50&#8243;][\/vc_column][\/vc_row]\n","protected":false},"excerpt":{"rendered":"<p>[vc_row type=\u00bbfull_width_background\u00bb full_screen_row_position=\u00bbmiddle\u00bb column_margin=\u00bbdefault\u00bb equal_height=\u00bbyes\u00bb content_placement=\u00bbmiddle\u00bb column_direction=\u00bbdefault\u00bb column_direction_tablet=\u00bbdefault\u00bb column_direction_phone=\u00bbdefault\u00bb bg_color=\u00bb#c6b399&#8243; scene_position=\u00bbcenter\u00bb top_padding=\u00bb7%\u00bb bottom_padding=\u00bb7%\u00bb text_color=\u00bblight\u00bb text_align=\u00bbleft\u00bb&#8230;<\/p>\n","protected":false},"author":1,"featured_media":0,"parent":8415,"menu_order":0,"comment_status":"closed","ping_status":"closed","template":"","meta":[],"_links":{"self":[{"href":"https:\/\/www.erreelleitalia.com\/es\/wp-json\/wp\/v2\/pages\/9252"}],"collection":[{"href":"https:\/\/www.erreelleitalia.com\/es\/wp-json\/wp\/v2\/pages"}],"about":[{"href":"https:\/\/www.erreelleitalia.com\/es\/wp-json\/wp\/v2\/types\/page"}],"author":[{"embeddable":true,"href":"https:\/\/www.erreelleitalia.com\/es\/wp-json\/wp\/v2\/users\/1"}],"replies":[{"embeddable":true,"href":"https:\/\/www.erreelleitalia.com\/es\/wp-json\/wp\/v2\/comments?post=9252"}],"version-history":[{"count":2,"href":"https:\/\/www.erreelleitalia.com\/es\/wp-json\/wp\/v2\/pages\/9252\/revisions"}],"predecessor-version":[{"id":18578,"href":"https:\/\/www.erreelleitalia.com\/es\/wp-json\/wp\/v2\/pages\/9252\/revisions\/18578"}],"up":[{"embeddable":true,"href":"https:\/\/www.erreelleitalia.com\/es\/wp-json\/wp\/v2\/pages\/8415"}],"wp:attachment":[{"href":"https:\/\/www.erreelleitalia.com\/es\/wp-json\/wp\/v2\/media?parent=9252"}],"curies":[{"name":"wp","href":"https:\/\/api.w.org\/{rel}","templated":true}]}}